{"id":1871,"date":"2024-06-19T12:55:16","date_gmt":"2024-06-19T12:55:16","guid":{"rendered":"https:\/\/caldasarauca.edu.co\/?page_id=1871"},"modified":"2025-03-09T10:26:14","modified_gmt":"2025-03-09T10:26:14","slug":"institucional","status":"publish","type":"page","link":"https:\/\/caldasarauca.edu.co\/index.php\/institucional\/","title":{"rendered":"Institucional"},"content":{"rendered":"<p>[et_pb_section fb_built=\u00bb1&#8243; admin_label=\u00bbHeader\u00bb _builder_version=\u00bb4.9.10&#8243; _module_preset=\u00bbdefault\u00bb background_color=\u00bb#0C71C3&#8243; background_image=\u00bbhttp:\/\/caldasarauca.edu.co\/wp-content\/uploads\/2025\/02\/50-ANOS-FRANCISCO-JOSE-DE-CALDAS-2024-444-scaled.jpg\u00bb background_blend=\u00bbmultiply\u00bb custom_padding=\u00bb||0px||false|false\u00bb][et_pb_row _builder_version=\u00bb4.6.5&#8243; _module_preset=\u00bbdefault\u00bb][et_pb_column type=\u00bb4_4&#8243; _builder_version=\u00bb4.6.5&#8243; _module_preset=\u00bbdefault\u00bb][et_pb_text _builder_version=\u00bb4.6.5&#8243; _module_preset=\u00bbdefault\u00bb header_font=\u00bbBebas Neue||||||||\u00bb header_font_size=\u00bb150px\u00bb header_line_height=\u00bb0.9em\u00bb background_layout=\u00bbdark\u00bb header_font_size_tablet=\u00bb80px\u00bb header_font_size_phone=\u00bb48px\u00bb header_font_size_last_edited=\u00bbon|tablet\u00bb header_line_height_tablet=\u00bb1em\u00bb header_line_height_phone=\u00bb\u00bb header_line_height_last_edited=\u00bbon|desktop\u00bb locked=\u00bboff\u00bb]<\/p>\n<h1>INSTITUCIONAL<\/h1>\n<p>[\/et_pb_text][\/et_pb_column][\/et_pb_row][\/et_pb_section][et_pb_section fb_built=\u00bb1&#8243; admin_label=\u00bbFeature\u00bb _builder_version=\u00bb4.6.6&#8243; _module_preset=\u00bbdefault\u00bb background_color=\u00bb#f6f6f6&#8243; custom_margin=\u00bb||3px|||\u00bb custom_padding=\u00bb86px||7px|||\u00bb][et_pb_row column_structure=\u00bb1_2,1_2&#8243; _builder_version=\u00bb4.9.10&#8243; _module_preset=\u00bbdefault\u00bb width=\u00bb37%\u00bb custom_margin=\u00bb|auto||-12px||\u00bb custom_margin_tablet=\u00bb|auto||80px||\u00bb custom_margin_phone=\u00bb|auto||1px|false|false\u00bb custom_margin_last_edited=\u00bbon|phone\u00bb custom_padding=\u00bb5px||7px|||\u00bb][et_pb_column type=\u00bb1_2&#8243; _builder_version=\u00bb4.9.10&#8243; _module_preset=\u00bbdefault\u00bb][et_pb_text _builder_version=\u00bb4.6.6&#8243; _module_preset=\u00bbdefault\u00bb header_2_font=\u00bbBebas Neue||||||||\u00bb header_2_font_size=\u00bb80px\u00bb custom_margin=\u00bb|||0px|false|false\u00bb custom_padding=\u00bb||0px|41px|false|false\u00bb header_2_font_size_tablet=\u00bb42px\u00bb header_2_font_size_phone=\u00bb30px\u00bb header_2_font_size_last_edited=\u00bbon|phone\u00bb header_2_line_height_tablet=\u00bb1.2em\u00bb header_2_line_height_phone=\u00bb\u00bb header_2_line_height_last_edited=\u00bbon|tablet\u00bb box_shadow_style=\u00bbpreset4&#8243; box_shadow_horizontal=\u00bb-660px\u00bb box_shadow_vertical=\u00bb0px\u00bb box_shadow_color=\u00bb#ea3900&#8243; box_shadow_horizontal_tablet=\u00bb-83vw\u00bb box_shadow_horizontal_phone=\u00bb\u00bb box_shadow_horizontal_last_edited=\u00bbon|phone\u00bb locked=\u00bboff\u00bb]<\/p>\n<h2>VISI\u00d3N<\/h2>\n<p>En el an\u0303o 2026 ser li\u0301deres a nivel nacional por nuestra labor en formar personas capaces de transformar la sociedad en armoni\u0301a con la vida, la paz y su entorno.<\/p>\n<p>&nbsp;<\/p>\n<p>&nbsp;<\/p>\n<p>[\/et_pb_text][\/et_pb_column][et_pb_column type=\u00bb1_2&#8243; _builder_version=\u00bb4.9.10&#8243; _module_preset=\u00bbdefault\u00bb][et_pb_text _builder_version=\u00bb4.6.6&#8243; _module_preset=\u00bbdefault\u00bb header_2_font=\u00bbBebas Neue||||||||\u00bb header_2_font_size=\u00bb80px\u00bb custom_margin=\u00bb-1px|||0px|false|false\u00bb custom_padding=\u00bb||0px|37px|false|false\u00bb header_2_font_size_tablet=\u00bb42px\u00bb header_2_font_size_phone=\u00bb30px\u00bb header_2_font_size_last_edited=\u00bbon|phone\u00bb header_2_line_height_tablet=\u00bb1.2em\u00bb header_2_line_height_phone=\u00bb\u00bb header_2_line_height_last_edited=\u00bbon|tablet\u00bb box_shadow_style=\u00bbpreset4&#8243; box_shadow_horizontal=\u00bb-660px\u00bb box_shadow_vertical=\u00bb0px\u00bb box_shadow_color=\u00bb#ea3900&#8243; box_shadow_horizontal_tablet=\u00bb-83vw\u00bb box_shadow_horizontal_phone=\u00bb\u00bb box_shadow_horizontal_last_edited=\u00bbon|phone\u00bb locked=\u00bboff\u00bb]<\/p>\n<h2>MISI\u00d3N<\/h2>\n<p>Formar personas creativas, emprendedoras, defensoras de la vida, la libertad, la cultura y el ambiente con una oferta educativa pertinente e inclusiva, fortalecida en valores que dinamicen y mejoran\u00a0la\u00a0sociedad.<\/p>\n<p>&nbsp;<\/p>\n<p>[\/et_pb_text][\/et_pb_column][\/et_pb_row][et_pb_row _builder_version=\u00bb4.9.10&#8243; _module_preset=\u00bbdefault\u00bb][et_pb_column type=\u00bb4_4&#8243; _builder_version=\u00bb4.9.10&#8243; _module_preset=\u00bbdefault\u00bb][et_pb_text _builder_version=\u00bb4.9.10&#8243; _module_preset=\u00bbdefault\u00bb header_2_font=\u00bbBebas Neue||||||||\u00bb header_2_font_size=\u00bb80px\u00bb custom_margin=\u00bb||||false|false\u00bb hover_enabled=\u00bb0&#8243; header_2_font_size_tablet=\u00bb42px\u00bb header_2_font_size_phone=\u00bb30px\u00bb header_2_font_size_last_edited=\u00bbon|phone\u00bb header_2_line_height_tablet=\u00bb1.2em\u00bb header_2_line_height_phone=\u00bb\u00bb header_2_line_height_last_edited=\u00bbon|tablet\u00bb box_shadow_horizontal_tablet=\u00bb-83vw\u00bb box_shadow_horizontal_phone=\u00bb\u00bb box_shadow_horizontal_last_edited=\u00bbon|phone\u00bb locked=\u00bboff\u00bb module_alignment=\u00bbcenter\u00bb max_width=\u00bb200%\u00bb width=\u00bb100%\u00bb custom_padding=\u00bb0px||0px|7px|false|false\u00bb border_style_left=\u00bbnone\u00bb sticky_enabled=\u00bb0&#8243;]<\/p>\n<h2>VALORES RECTORES<\/h2>\n<p>[\/et_pb_text][\/et_pb_column][\/et_pb_row][\/et_pb_section][et_pb_section fb_built=\u00bb1&#8243; admin_label=\u00bbServices\u00bb _builder_version=\u00bb4.6.5&#8243; _module_preset=\u00bbdefault\u00bb custom_padding=\u00bb11px|||0px||\u00bb][et_pb_row column_structure=\u00bb1_3,1_3,1_3&#8243; _builder_version=\u00bb4.9.10&#8243; _module_preset=\u00bbdefault\u00bb custom_margin=\u00bb-18px|auto||auto||\u00bb custom_padding=\u00bb10px|||||\u00bb locked=\u00bboff\u00bb][et_pb_column type=\u00bb1_3&#8243; _builder_version=\u00bb4.9.10&#8243; _module_preset=\u00bbdefault\u00bb][et_pb_blurb title=\u00bbLA IDENTIDAD\u00bb image=\u00bbhttp:\/\/caldasarauca.edu.co\/wp-content\/uploads\/2024\/06\/9.png\u00bb icon_alignment=\u00bbleft\u00bb image_max_width=\u00bb22%\u00bb content_max_width=\u00bb100%\u00bb image_max_width_tablet=\u00bb15%\u00bb image_max_width_phone=\u00bb20%\u00bb image_max_width_last_edited=\u00bbon|phone\u00bb _builder_version=\u00bb4.9.10&#8243; _module_preset=\u00bbdefault\u00bb header_font=\u00bbBebas Neue||||||||\u00bb header_font_size=\u00bb30px\u00bb header_line_height=\u00bb1.2em\u00bb body_font_size=\u00bb16px\u00bb body_line_height=\u00bb1.8em\u00bb animation=\u00bboff\u00bb header_font_size_tablet=\u00bb24px\u00bb header_font_size_phone=\u00bb20px\u00bb header_font_size_last_edited=\u00bbon|phone\u00bb body_font_size_tablet=\u00bb\u00bb body_font_size_phone=\u00bb14px\u00bb body_font_size_last_edited=\u00bbon|phone\u00bb]<\/p>\n<p style=\"text-align: justify;\">Es la manifestaci\u00f3n de los principios, valores y s\u00edmbolos propios de la comunidad que nos distinguen de otros grupos sociales.<\/p>\n<p>[\/et_pb_blurb][\/et_pb_column][et_pb_column type=\u00bb1_3&#8243; _builder_version=\u00bb4.9.10&#8243; _module_preset=\u00bbdefault\u00bb][et_pb_blurb title=\u00bbRESPETO\u00bb image=\u00bbhttp:\/\/caldasarauca.edu.co\/wp-content\/uploads\/2024\/06\/2.png\u00bb icon_alignment=\u00bbleft\u00bb image_max_width=\u00bb35%\u00bb content_max_width=\u00bb100%\u00bb image_max_width_tablet=\u00bb15%\u00bb image_max_width_phone=\u00bb24%\u00bb image_max_width_last_edited=\u00bbon|tablet\u00bb _builder_version=\u00bb4.9.10&#8243; _module_preset=\u00bbdefault\u00bb header_font=\u00bbBebas Neue||||||||\u00bb header_font_size=\u00bb30px\u00bb header_line_height=\u00bb1.2em\u00bb body_font_size=\u00bb16px\u00bb body_line_height=\u00bb1.8em\u00bb animation=\u00bboff\u00bb header_font_size_tablet=\u00bb24px\u00bb header_font_size_phone=\u00bb20px\u00bb header_font_size_last_edited=\u00bbon|phone\u00bb body_font_size_tablet=\u00bb\u00bb body_font_size_phone=\u00bb14px\u00bb body_font_size_last_edited=\u00bbon|phone\u00bb locked=\u00bboff\u00bb]<\/p>\n<p style=\"text-align: justify;\">Se considera, estima y reconoce la val\u00eda de las personas, mediando la tolerancia con los dem\u00e1s seres y el entorno.<\/p>\n<p>[\/et_pb_blurb][\/et_pb_column][et_pb_column type=\u00bb1_3&#8243; _builder_version=\u00bb4.6.3&#8243; _module_preset=\u00bbdefault\u00bb][et_pb_blurb title=\u00bbRESPONSABILIDAD\u00bb image=\u00bbhttp:\/\/caldasarauca.edu.co\/wp-content\/uploads\/2024\/06\/5.png\u00bb icon_alignment=\u00bbleft\u00bb image_max_width=\u00bb30%\u00bb content_max_width=\u00bb100%\u00bb image_max_width_tablet=\u00bb15%\u00bb image_max_width_phone=\u00bb20%\u00bb image_max_width_last_edited=\u00bbon|phone\u00bb _builder_version=\u00bb4.9.10&#8243; _module_preset=\u00bbdefault\u00bb header_font=\u00bbBebas Neue||||||||\u00bb header_font_size=\u00bb30px\u00bb header_line_height=\u00bb1.2em\u00bb body_font_size=\u00bb16px\u00bb body_line_height=\u00bb1.8em\u00bb animation=\u00bboff\u00bb header_font_size_tablet=\u00bb24px\u00bb header_font_size_phone=\u00bb20px\u00bb header_font_size_last_edited=\u00bbon|phone\u00bb body_font_size_tablet=\u00bb\u00bb body_font_size_phone=\u00bb14px\u00bb body_font_size_last_edited=\u00bbon|phone\u00bb locked=\u00bboff\u00bb]<\/p>\n<p style=\"text-align: justify;\">Todos los integrantes de la comunidad educativa Caldista comprenden y asumen las consecuencias de sus decisiones y acciones.<\/p>\n<p>[\/et_pb_blurb][\/et_pb_column][\/et_pb_row][et_pb_row column_structure=\u00bb1_3,1_3,1_3&#8243; _builder_version=\u00bb4.6.3&#8243; _module_preset=\u00bbdefault\u00bb locked=\u00bboff\u00bb][et_pb_column type=\u00bb1_3&#8243; _builder_version=\u00bb4.6.3&#8243; _module_preset=\u00bbdefault\u00bb][et_pb_blurb title=\u00bbSOLIDARIDAD\u00bb image=\u00bbhttp:\/\/caldasarauca.edu.co\/wp-content\/uploads\/2024\/06\/7.png\u00bb icon_alignment=\u00bbleft\u00bb image_max_width=\u00bb30%\u00bb content_max_width=\u00bb100%\u00bb image_max_width_tablet=\u00bb15%\u00bb image_max_width_phone=\u00bb21%\u00bb image_max_width_last_edited=\u00bbon|phone\u00bb _builder_version=\u00bb4.9.10&#8243; _module_preset=\u00bbdefault\u00bb header_font=\u00bbBebas Neue||||||||\u00bb header_font_size=\u00bb30px\u00bb header_line_height=\u00bb1.2em\u00bb body_font_size=\u00bb16px\u00bb body_line_height=\u00bb1.8em\u00bb animation=\u00bboff\u00bb header_font_size_tablet=\u00bb24px\u00bb header_font_size_phone=\u00bb20px\u00bb header_font_size_last_edited=\u00bbon|phone\u00bb body_font_size_tablet=\u00bb\u00bb body_font_size_phone=\u00bb14px\u00bb body_font_size_last_edited=\u00bbon|phone\u00bb]<\/p>\n<p style=\"text-align: justify;\">Los integrantes de la comunidad educativa Caldista asumen como suyas las necesidades, retos y problemas que hacen causa com\u00fan con la demanda de \u201cvivir bien\u201d.<\/p>\n<p>[\/et_pb_blurb][\/et_pb_column][et_pb_column type=\u00bb1_3&#8243; _builder_version=\u00bb4.6.3&#8243; _module_preset=\u00bbdefault\u00bb][et_pb_blurb title=\u00bbJUSTICIA\u00bb image=\u00bbhttp:\/\/caldasarauca.edu.co\/wp-content\/uploads\/2024\/06\/4.png\u00bb icon_alignment=\u00bbleft\u00bb image_max_width=\u00bb30%\u00bb content_max_width=\u00bb100%\u00bb image_max_width_tablet=\u00bb15%\u00bb image_max_width_phone=\u00bb22%\u00bb image_max_width_last_edited=\u00bbon|phone\u00bb _builder_version=\u00bb4.9.10&#8243; _module_preset=\u00bbdefault\u00bb header_font=\u00bbBebas Neue||||||||\u00bb header_font_size=\u00bb30px\u00bb header_line_height=\u00bb1.2em\u00bb body_font_size=\u00bb16px\u00bb body_line_height=\u00bb1.8em\u00bb animation=\u00bboff\u00bb header_font_size_tablet=\u00bb24px\u00bb header_font_size_phone=\u00bb20px\u00bb header_font_size_last_edited=\u00bbon|phone\u00bb body_font_size_tablet=\u00bb\u00bb body_font_size_phone=\u00bb14px\u00bb body_font_size_last_edited=\u00bbon|phone\u00bb locked=\u00bboff\u00bb]<\/p>\n<p style=\"text-align: justify;\">La apropiaci\u00f3n del horizonte institucional en valores para formar seres humanos en equidad y armon\u00eda que conlleven al bienestar de la comunidad educativa.<\/p>\n<p>[\/et_pb_blurb][\/et_pb_column][et_pb_column type=\u00bb1_3&#8243; _builder_version=\u00bb4.6.3&#8243; _module_preset=\u00bbdefault\u00bb][et_pb_blurb title=\u00bbETICA\u00bb image=\u00bbhttp:\/\/caldasarauca.edu.co\/wp-content\/uploads\/2024\/06\/1.png\u00bb icon_alignment=\u00bbleft\u00bb image_max_width=\u00bb30%\u00bb content_max_width=\u00bb100%\u00bb image_max_width_tablet=\u00bb15%\u00bb image_max_width_phone=\u00bb20%\u00bb image_max_width_last_edited=\u00bbon|desktop\u00bb _builder_version=\u00bb4.9.10&#8243; _module_preset=\u00bbdefault\u00bb header_font=\u00bbBebas Neue||||||||\u00bb header_font_size=\u00bb30px\u00bb header_line_height=\u00bb1.2em\u00bb body_font_size=\u00bb16px\u00bb body_line_height=\u00bb1.8em\u00bb animation=\u00bboff\u00bb header_font_size_tablet=\u00bb24px\u00bb header_font_size_phone=\u00bb20px\u00bb header_font_size_last_edited=\u00bbon|phone\u00bb body_font_size_tablet=\u00bb\u00bb body_font_size_phone=\u00bb14px\u00bb body_font_size_last_edited=\u00bbon|phone\u00bb locked=\u00bboff\u00bb]<\/p>\n<p style=\"text-align: justify;\">El Caldista debe promover en la comunidad educativa acciones justas y humanizadoras en un reconocimiento de si mismo como un ser social evidenciadas en el contexto.<\/p>\n<p>[\/et_pb_blurb][\/et_pb_column][\/et_pb_row][et_pb_row column_structure=\u00bb1_3,1_3,1_3&#8243; _builder_version=\u00bb4.6.3&#8243; _module_preset=\u00bbdefault\u00bb locked=\u00bboff\u00bb][et_pb_column type=\u00bb1_3&#8243; _builder_version=\u00bb4.6.3&#8243; _module_preset=\u00bbdefault\u00bb][et_pb_blurb title=\u00bbHONESTIDAD\u00bb image=\u00bbhttp:\/\/caldasarauca.edu.co\/wp-content\/uploads\/2024\/06\/6.png\u00bb icon_alignment=\u00bbleft\u00bb image_max_width=\u00bb34%\u00bb content_max_width=\u00bb100%\u00bb image_max_width_tablet=\u00bb15%\u00bb image_max_width_phone=\u00bb21%\u00bb image_max_width_last_edited=\u00bbon|tablet\u00bb _builder_version=\u00bb4.9.10&#8243; _module_preset=\u00bbdefault\u00bb header_font=\u00bbBebas Neue||||||||\u00bb header_font_size=\u00bb30px\u00bb header_line_height=\u00bb1.2em\u00bb body_font_size=\u00bb16px\u00bb body_line_height=\u00bb1.8em\u00bb animation=\u00bboff\u00bb header_font_size_tablet=\u00bb24px\u00bb header_font_size_phone=\u00bb20px\u00bb header_font_size_last_edited=\u00bbon|phone\u00bb body_font_size_tablet=\u00bb\u00bb body_font_size_phone=\u00bb14px\u00bb body_font_size_last_edited=\u00bbon|phone\u00bb]<\/p>\n<p style=\"text-align: justify;\">En todos los espacios institucionales se debe promover la honradez, la sinceridad y la actuaci\u00f3n coherente, pensando en la construcci\u00f3n del tejido social.<\/p>\n<p>[\/et_pb_blurb][\/et_pb_column][et_pb_column type=\u00bb1_3&#8243; _builder_version=\u00bb4.6.3&#8243; _module_preset=\u00bbdefault\u00bb][et_pb_blurb title=\u00bbCUIDADO DEL MEDIO AMBIENTE\u00bb image=\u00bbhttp:\/\/caldasarauca.edu.co\/wp-content\/uploads\/2024\/06\/8.png\u00bb icon_alignment=\u00bbleft\u00bb image_max_width=\u00bb31%\u00bb content_max_width=\u00bb100%\u00bb image_max_width_tablet=\u00bb15%\u00bb image_max_width_phone=\u00bb21%\u00bb image_max_width_last_edited=\u00bbon|phone\u00bb _builder_version=\u00bb4.9.10&#8243; _module_preset=\u00bbdefault\u00bb header_font=\u00bbBebas Neue||||||||\u00bb header_font_size=\u00bb30px\u00bb header_line_height=\u00bb1.2em\u00bb body_font_size=\u00bb16px\u00bb body_line_height=\u00bb1.8em\u00bb animation=\u00bboff\u00bb header_font_size_tablet=\u00bb24px\u00bb header_font_size_phone=\u00bb20px\u00bb header_font_size_last_edited=\u00bbon|phone\u00bb body_font_size_tablet=\u00bb\u00bb body_font_size_phone=\u00bb14px\u00bb body_font_size_last_edited=\u00bbon|phone\u00bb locked=\u00bboff\u00bb]<\/p>\n<p style=\"text-align: justify;\">El planeta se est\u00e1 deteriorando y habr\u00e1 que utilizar lo m\u00ednimo para extender las posibilidades de vida, por lo tanto, debemos sensibilizar sobre la importancia de la protecci\u00f3n y conservaci\u00f3n de la naturaleza.<\/p>\n<p>[\/et_pb_blurb][\/et_pb_column][et_pb_column type=\u00bb1_3&#8243; _builder_version=\u00bb4.6.3&#8243; _module_preset=\u00bbdefault\u00bb][et_pb_blurb title=\u00bbRESILIENCIA\u00bb image=\u00bbhttp:\/\/caldasarauca.edu.co\/wp-content\/uploads\/2024\/06\/3.png\u00bb icon_alignment=\u00bbleft\u00bb image_max_width=\u00bb31%\u00bb content_max_width=\u00bb100%\u00bb image_max_width_tablet=\u00bb15%\u00bb image_max_width_phone=\u00bb21%\u00bb image_max_width_last_edited=\u00bbon|phone\u00bb _builder_version=\u00bb4.9.10&#8243; _module_preset=\u00bbdefault\u00bb header_font=\u00bbBebas Neue||||||||\u00bb header_font_size=\u00bb30px\u00bb header_line_height=\u00bb1.2em\u00bb body_font_size=\u00bb16px\u00bb body_line_height=\u00bb1.8em\u00bb animation=\u00bboff\u00bb header_font_size_tablet=\u00bb24px\u00bb header_font_size_phone=\u00bb20px\u00bb header_font_size_last_edited=\u00bbon|phone\u00bb body_font_size_tablet=\u00bb\u00bb body_font_size_phone=\u00bb14px\u00bb body_font_size_last_edited=\u00bbon|phone\u00bb locked=\u00bboff\u00bb]<\/p>\n<p style=\"text-align: justify;\">Potenciar la capacidad de superar las adversidades y retos que se presenten en la vida, logrando fortalecer su proyecto de vida en sus distintas dimensiones.<\/p>\n<p>[\/et_pb_blurb][\/et_pb_column][\/et_pb_row][\/et_pb_section][et_pb_section fb_built=\u00bb1&#8243; admin_label=\u00bbFeature\u00bb _builder_version=\u00bb4.6.6&#8243; _module_preset=\u00bbdefault\u00bb background_color=\u00bb#f6f6f6&#8243; custom_margin=\u00bb||110px|||\u00bb custom_padding=\u00bb|||20px||\u00bb][et_pb_row column_structure=\u00bb3_5,2_5&#8243; _builder_version=\u00bb4.9.10&#8243; _module_preset=\u00bbdefault\u00bb custom_margin=\u00bb|auto||14px||\u00bb custom_margin_tablet=\u00bb|auto||80px||\u00bb custom_margin_phone=\u00bb|auto||11px|false|false\u00bb custom_margin_last_edited=\u00bbon|phone\u00bb custom_padding=\u00bb|||3px||\u00bb][et_pb_column type=\u00bb3_5&#8243; _builder_version=\u00bb4.6.5&#8243; _module_preset=\u00bbdefault\u00bb][et_pb_text _builder_version=\u00bb4.9.10&#8243; _module_preset=\u00bbdefault\u00bb header_2_font=\u00bbBebas Neue||||||||\u00bb header_2_font_size=\u00bb80px\u00bb custom_margin=\u00bb||||false|false\u00bb custom_padding=\u00bb||||false|false\u00bb hover_enabled=\u00bb0&#8243; header_2_font_size_tablet=\u00bb42px\u00bb header_2_font_size_phone=\u00bb30px\u00bb header_2_font_size_last_edited=\u00bbon|phone\u00bb header_2_line_height_tablet=\u00bb1.2em\u00bb header_2_line_height_phone=\u00bb\u00bb header_2_line_height_last_edited=\u00bbon|tablet\u00bb box_shadow_horizontal_tablet=\u00bb-83vw\u00bb box_shadow_horizontal_phone=\u00bb\u00bb box_shadow_horizontal_last_edited=\u00bbon|phone\u00bb locked=\u00bboff\u00bb sticky_enabled=\u00bb0&#8243;]<\/p>\n<h2>NUESTRO ESCUDO<\/h2>\n<p>[\/et_pb_text][et_pb_text _builder_version=\u00bb4.6.5&#8243; _module_preset=\u00bbdefault\u00bb text_font_size=\u00bb16px\u00bb text_line_height=\u00bb1.8em\u00bb text_font_size_tablet=\u00bb\u00bb text_font_size_phone=\u00bb14px\u00bb text_font_size_last_edited=\u00bbon|phone\u00bb locked=\u00bboff\u00bb]<\/p>\n<p style=\"text-align: justify;\">ideado en <strong>1980<\/strong> por el exalumno <strong>Iv\u00e1n Dar\u00edo Moreno Escobar<\/strong> y reformado en el a\u00f1o <strong>2020<\/strong> por el <strong>Consejo Directivo<\/strong>, es una circunferencia de color azul tono rey, el cual es igual al del interior con el lema de la Instituci\u00f3n <strong>\u201cEDUCAMOS PARA LA VIDA, LA CIENCIA Y EL TRABAJO\u201d<\/strong> en letras de color blanco y en may\u00fasculas, a su vez \u00a0en forma suiza, est\u00e1 dividido en cuatro cuarteles. El cuartel superior izquierdo es de color azul en el fondo y ostenta en su interior un libro abierto, la investigaci\u00f3n y la cultura. El cuartel superior derecho es de color blanco y presenta en su interior un b\u00faho como imagen de la ciencia y la sabidur\u00eda. El cuartel inferior izquierdo de color blanco, tiene en su interior un engranaje que simboliza la fuerza y la unidad. El cuartel inferior derecho de color azul, guarda en su interior una antorcha encendida que significa la luz y el deporte.<\/p>\n<p style=\"text-align: justify;\">Al centro y en la intercepci\u00f3n de los cuatro cuarteles aparece una <strong>O<\/strong> partida horizontalmente de color negro, el cual es el anagrama dejado por el <strong>Sabio Caldas<\/strong>, patrono c\u00edvico de la Instituci\u00f3n en la prisi\u00f3n, antes de subir al cadalso, como el mensaje p\u00f3stumo que algunos historiadores interpretan como <strong>\u00a1OH! NEGRA Y LARGA PARTIDA.<\/strong> Alrededor aparecer\u00e1 la siguiente leyenda: <strong>INSTITUCI\u00d3N EDUCATIVA FRANCISCO JOS\u00c9 DE CALDAS<\/strong>. Luego con una banderilla roja el nombre del departamento de Arauca que cruza los dos circunferencia e interior denominando el domicilio de nuestra Instituci\u00f3n<\/p>\n<p>[\/et_pb_text][\/et_pb_column][et_pb_column type=\u00bb2_5&#8243; _builder_version=\u00bb4.6.5&#8243; _module_preset=\u00bbdefault\u00bb][et_pb_image src=\u00bbhttp:\/\/caldasarauca.edu.co\/wp-content\/uploads\/2024\/06\/escudo-caldas-.png\u00bb title_text=\u00bbescudo caldas\u00bb _builder_version=\u00bb4.9.10&#8243; _module_preset=\u00bbdefault\u00bb custom_margin=\u00bb|-10vw|-140px||false|false\u00bb custom_margin_tablet=\u00bb|0vw|0px||false|false\u00bb custom_margin_phone=\u00bb\u00bb custom_margin_last_edited=\u00bbon|tablet\u00bb][\/et_pb_image][\/et_pb_column][\/et_pb_row][et_pb_row column_structure=\u00bb1_2,1_2&#8243; _builder_version=\u00bb4.6.6&#8243; _module_preset=\u00bbdefault\u00bb][et_pb_column type=\u00bb1_2&#8243; _builder_version=\u00bb4.6.6&#8243; _module_preset=\u00bbdefault\u00bb][\/et_pb_column][et_pb_column type=\u00bb1_2&#8243; _builder_version=\u00bb4.6.6&#8243; _module_preset=\u00bbdefault\u00bb][et_pb_image src=\u00bbhttp:\/\/caldasarauca.edu.co\/wp-content\/uploads\/2020\/09\/bicycle-repair-shop-20.png\u00bb title_text=\u00bbbicycle-repair-shop-20&#8243; align=\u00bbcenter\u00bb _builder_version=\u00bb4.6.6&#8243; _module_preset=\u00bbdefault\u00bb z_index=\u00bb1&#8243; custom_margin=\u00bb||-40px||false|false\u00bb locked=\u00bboff\u00bb][\/et_pb_image][et_pb_text _builder_version=\u00bb4.9.10&#8243; _module_preset=\u00bbdefault\u00bb text_font=\u00bb||on||||||\u00bb text_font_size=\u00bb24px\u00bb text_line_height=\u00bb1.6em\u00bb background_color=\u00bb#0C71C3&#8243; background_layout=\u00bbdark\u00bb custom_margin=\u00bb||-170px|||\u00bb custom_padding=\u00bb80px|30px|40px|30px|false|true\u00bb text_font_size_tablet=\u00bb20px\u00bb text_font_size_phone=\u00bb16px\u00bb text_font_size_last_edited=\u00bbon|tablet\u00bb locked=\u00bboff\u00bb]<\/p>\n<p>\u00abLa naturaleza es el m\u00e1s grande de los libros, y la \u00fanica hoja que no se ha escrito todav\u00eda es la del futuro.\u00bb<\/p>\n<p>[\/et_pb_text][\/et_pb_column][\/et_pb_row][\/et_pb_section][et_pb_section fb_built=\u00bb1&#8243; admin_label=\u00bbFeature\u00bb _builder_version=\u00bb4.6.6&#8243; _module_preset=\u00bbdefault\u00bb background_color=\u00bb#f6f6f6&#8243; custom_margin=\u00bb||110px|||\u00bb custom_padding=\u00bb|||9px||\u00bb locked=\u00bboff\u00bb][et_pb_row column_structure=\u00bb3_5,2_5&#8243; _builder_version=\u00bb4.9.10&#8243; _module_preset=\u00bbdefault\u00bb custom_margin=\u00bb|auto||5px||\u00bb custom_margin_tablet=\u00bb|auto||80px||\u00bb custom_margin_phone=\u00bb|auto||9px|false|false\u00bb custom_margin_last_edited=\u00bbon|phone\u00bb][et_pb_column type=\u00bb3_5&#8243; _builder_version=\u00bb4.6.5&#8243; _module_preset=\u00bbdefault\u00bb][et_pb_text _builder_version=\u00bb4.6.6&#8243; _module_preset=\u00bbdefault\u00bb header_2_font=\u00bbBebas Neue||||||||\u00bb header_2_font_size=\u00bb80px\u00bb custom_margin=\u00bb||||false|false\u00bb custom_padding=\u00bb||||false|false\u00bb header_2_font_size_tablet=\u00bb42px\u00bb header_2_font_size_phone=\u00bb30px\u00bb header_2_font_size_last_edited=\u00bbon|phone\u00bb header_2_line_height_tablet=\u00bb1.2em\u00bb header_2_line_height_phone=\u00bb\u00bb header_2_line_height_last_edited=\u00bbon|tablet\u00bb box_shadow_style=\u00bbpreset4&#8243; box_shadow_horizontal=\u00bb-660px\u00bb box_shadow_vertical=\u00bb0px\u00bb box_shadow_color=\u00bb#ea3900&#8243; box_shadow_horizontal_tablet=\u00bb-83vw\u00bb box_shadow_horizontal_phone=\u00bb\u00bb box_shadow_horizontal_last_edited=\u00bbon|phone\u00bb locked=\u00bboff\u00bb]<\/p>\n<h2>NUESTRA BANDERA<\/h2>\n<p>[\/et_pb_text][et_pb_text _builder_version=\u00bb4.6.5&#8243; _module_preset=\u00bbdefault\u00bb text_font_size=\u00bb16px\u00bb text_line_height=\u00bb1.8em\u00bb text_font_size_tablet=\u00bb\u00bb text_font_size_phone=\u00bb14px\u00bb text_font_size_last_edited=\u00bbon|phone\u00bb locked=\u00bboff\u00bb]<\/p>\n<p style=\"text-align: justify;\">Ideada en <strong>1974 <\/strong>por el <strong>Licenciado Luis Villamizar<\/strong> fija desde ese a\u00f1o los colores que identifican nuestra Instituci\u00f3n; <strong><em>el azul<\/em><\/strong> &#8211;<strong><em>parte superior<\/em><\/strong>&#8211; como expresi\u00f3n de grandeza e inmensidad y <strong><em>el blanco<\/em><\/strong> &#8211;<strong><em>parte inferior<\/em><\/strong>&#8211; como expresi\u00f3n de la pureza y la paz y <em><strong>en<\/strong><\/em> <strong><em>el centro de ella el escudo<\/em><\/strong> que identifica la Instituci\u00f3n Educativa.<\/p>\n<p>[\/et_pb_text][\/et_pb_column][et_pb_column type=\u00bb2_5&#8243; _builder_version=\u00bb4.6.5&#8243; _module_preset=\u00bbdefault\u00bb][et_pb_image src=\u00bbhttp:\/\/caldasarauca.edu.co\/wp-content\/uploads\/2025\/02\/bandera.jpg\u00bb title_text=\u00bbbandera\u00bb _builder_version=\u00bb4.9.10&#8243; _module_preset=\u00bbdefault\u00bb custom_margin=\u00bb|-10vw|-140px||false|false\u00bb custom_margin_tablet=\u00bb|0vw|0px||false|false\u00bb custom_margin_phone=\u00bb\u00bb custom_margin_last_edited=\u00bbon|tablet\u00bb][\/et_pb_image][\/et_pb_column][\/et_pb_row][et_pb_row column_structure=\u00bb1_2,1_2&#8243; custom_padding_last_edited=\u00bbon|phone\u00bb _builder_version=\u00bb4.9.10&#8243; _module_preset=\u00bbdefault\u00bb custom_padding=\u00bb161px|||||\u00bb custom_padding_tablet=\u00bb\u00bb custom_padding_phone=\u00bb1px||||false|false\u00bb][et_pb_column type=\u00bb1_2&#8243; _builder_version=\u00bb4.6.6&#8243; _module_preset=\u00bbdefault\u00bb][\/et_pb_column][et_pb_column type=\u00bb1_2&#8243; _builder_version=\u00bb4.6.6&#8243; _module_preset=\u00bbdefault\u00bb][et_pb_image src=\u00bbhttp:\/\/caldasarauca.edu.co\/wp-content\/uploads\/2020\/09\/bicycle-repair-shop-20.png\u00bb title_text=\u00bbbicycle-repair-shop-20&#8243; align=\u00bbcenter\u00bb _builder_version=\u00bb4.6.6&#8243; _module_preset=\u00bbdefault\u00bb z_index=\u00bb1&#8243; custom_margin=\u00bb||-40px||false|false\u00bb locked=\u00bboff\u00bb][\/et_pb_image][et_pb_text _builder_version=\u00bb4.9.10&#8243; _module_preset=\u00bbdefault\u00bb text_font=\u00bb||on||||||\u00bb text_font_size=\u00bb24px\u00bb text_line_height=\u00bb1.6em\u00bb background_color=\u00bb#0C71C3&#8243; background_layout=\u00bbdark\u00bb custom_margin=\u00bb||-170px|||\u00bb custom_padding=\u00bb80px|30px|40px|30px|false|true\u00bb text_font_size_tablet=\u00bb20px\u00bb text_font_size_phone=\u00bb16px\u00bb text_font_size_last_edited=\u00bbon|tablet\u00bb locked=\u00bboff\u00bb]<\/p>\n<p>\u00abEl talento no es nada sin la oportunidad. La educaci\u00f3n es la base del progreso y la felicidad de\u00a0las\u00a0naciones.\u00bb<\/p>\n<p>[\/et_pb_text][\/et_pb_column][\/et_pb_row][\/et_pb_section][et_pb_section fb_built=\u00bb1&#8243; admin_label=\u00bbFeature\u00bb _builder_version=\u00bb4.6.6&#8243; _module_preset=\u00bbdefault\u00bb background_color=\u00bb#f6f6f6&#8243; custom_margin=\u00bb||110px|||\u00bb custom_padding=\u00bb|||9px||\u00bb locked=\u00bboff\u00bb][et_pb_row column_structure=\u00bb3_5,2_5&#8243; _builder_version=\u00bb4.9.10&#8243; _module_preset=\u00bbdefault\u00bb custom_margin=\u00bb|auto||5px||\u00bb custom_margin_tablet=\u00bb|auto||80px||\u00bb custom_margin_phone=\u00bb|auto||9px|false|false\u00bb custom_margin_last_edited=\u00bbon|phone\u00bb][et_pb_column type=\u00bb3_5&#8243; _builder_version=\u00bb4.6.5&#8243; _module_preset=\u00bbdefault\u00bb][et_pb_text _builder_version=\u00bb4.6.6&#8243; _module_preset=\u00bbdefault\u00bb header_2_font=\u00bbBebas Neue||||||||\u00bb header_2_font_size=\u00bb80px\u00bb custom_margin=\u00bb||||false|false\u00bb custom_padding=\u00bb||||false|false\u00bb header_2_font_size_tablet=\u00bb42px\u00bb header_2_font_size_phone=\u00bb30px\u00bb header_2_font_size_last_edited=\u00bbon|phone\u00bb header_2_line_height_tablet=\u00bb1.2em\u00bb header_2_line_height_phone=\u00bb\u00bb header_2_line_height_last_edited=\u00bbon|tablet\u00bb box_shadow_style=\u00bbpreset4&#8243; box_shadow_horizontal=\u00bb-660px\u00bb box_shadow_vertical=\u00bb0px\u00bb box_shadow_color=\u00bb#ea3900&#8243; box_shadow_horizontal_tablet=\u00bb-83vw\u00bb box_shadow_horizontal_phone=\u00bb\u00bb box_shadow_horizontal_last_edited=\u00bbon|phone\u00bb locked=\u00bboff\u00bb]<\/p>\n<h2>NUESTRO HIMNO<\/h2>\n<p>[\/et_pb_text][et_pb_text _builder_version=\u00bb4.9.10&#8243; _module_preset=\u00bbdefault\u00bb text_font_size=\u00bb16px\u00bb text_line_height=\u00bb1.8em\u00bb text_font_size_tablet=\u00bb\u00bb text_font_size_phone=\u00bb14px\u00bb text_font_size_last_edited=\u00bbon|phone\u00bb locked=\u00bboff\u00bb]<\/p>\n<p style=\"text-align: justify;\">El himno caldista debe su letra al exalumno Martin Emilio Jim\u00e9nez -a\u00f1o 1992 y su musicalizaci\u00f3n al normalista \u00c1ngel Alfonso Rivera -a\u00f1o 1999.<\/p>\n<p style=\"text-align: justify;\">\n<p style=\"text-align: justify;\">\n<p style=\"text-align: justify;\"><strong>CORO<\/strong><br \/>!OH\u00a1 palmeras del llano infinito<br \/>!OH Colegio de luz celestial<br \/>Nuestro orgullo es vencer en la vida<br \/>Entonando tu himno triunfal.<\/p>\n<p style=\"text-align: justify;\"><strong>I<\/strong><br \/>En tus aulas contentos estamos<br \/>Viva el Caldas por la eternidad<br \/>Forjas hombres con mentes despiertas<br \/>Que se lanzan al mundo a luchar.<\/p>\n<p style=\"text-align: justify;\"><strong>II<\/strong><br \/>En las noches bellas de mi Arauca<br \/>Aqu\u00ed vamos con gran ansiedad<br \/>Muy unidos y siempre felices<br \/>A vencer la ignorancia y el mal.<\/p>\n<p style=\"text-align: justify;\"><strong>CORO<\/strong><br \/>!OH\u00a1 palmeras del llano infinito<br \/>!OH Colegio de luz celestial<br \/>Nuestro orgullo es vencer en la vida<br \/>Entonando tu himno triunfal.<\/p>\n<p style=\"text-align: justify;\"><strong>III<\/strong><br \/>Viva el Caldas gritemos unidos<br \/>El nocturno de la libertad<br \/>Sus docentes nos brindan la mano<br \/>Y un futuro de felicidad.<\/p>\n<p style=\"text-align: justify;\"><strong>IV<\/strong><br \/>Tus principios rigen nuestra vida<br \/>Es tu nombre por siempre inmortal<br \/>Eres luz que en el cielo destella<br \/>Nuestro orgullo es tu gran Festival.<\/p>\n<p>[\/et_pb_text][\/et_pb_column][et_pb_column type=\u00bb2_5&#8243; _builder_version=\u00bb4.6.5&#8243; _module_preset=\u00bbdefault\u00bb][et_pb_image src=\u00bbhttp:\/\/caldasarauca.edu.co\/wp-content\/uploads\/2025\/03\/IMG_20240314_083143-scaled.jpg\u00bb title_text=\u00bbIMG_20240314_083143&#8243; _builder_version=\u00bb4.9.10&#8243; _module_preset=\u00bbdefault\u00bb custom_margin=\u00bb|-10vw|-140px||false|false\u00bb custom_margin_tablet=\u00bb|0vw|0px||false|false\u00bb custom_margin_phone=\u00bb\u00bb custom_margin_last_edited=\u00bbon|tablet\u00bb][\/et_pb_image][et_pb_audio audio=\u00bbhttp:\/\/caldasarauca.edu.co\/wp-content\/uploads\/2023\/01\/HIMNO-DE-LA-IEFJC.mp3&#8243; title=\u00bbHimno de la Instituci\u00f3n Educativa Francisco Jos\u00e9 de Caldas\u00bb _builder_version=\u00bb4.9.10&#8243; _module_preset=\u00bbdefault\u00bb title_font=\u00bb||on||||||\u00bb title_text_color=\u00bb#FFFFFF\u00bb background_color=\u00bb#0C71C3&#8243;][\/et_pb_audio][\/et_pb_column][\/et_pb_row][et_pb_row column_structure=\u00bb1_2,1_2&#8243; custom_padding_last_edited=\u00bbon|phone\u00bb _builder_version=\u00bb4.9.10&#8243; _module_preset=\u00bbdefault\u00bb custom_padding=\u00bb161px|||||\u00bb custom_padding_tablet=\u00bb\u00bb custom_padding_phone=\u00bb1px||||false|false\u00bb][et_pb_column type=\u00bb1_2&#8243; _builder_version=\u00bb4.6.6&#8243; _module_preset=\u00bbdefault\u00bb][\/et_pb_column][et_pb_column type=\u00bb1_2&#8243; _builder_version=\u00bb4.6.6&#8243; _module_preset=\u00bbdefault\u00bb][et_pb_image src=\u00bbhttp:\/\/caldasarauca.edu.co\/wp-content\/uploads\/2020\/09\/bicycle-repair-shop-20.png\u00bb title_text=\u00bbbicycle-repair-shop-20&#8243; align=\u00bbcenter\u00bb _builder_version=\u00bb4.6.6&#8243; _module_preset=\u00bbdefault\u00bb z_index=\u00bb1&#8243; custom_margin=\u00bb||-40px||false|false\u00bb locked=\u00bboff\u00bb][\/et_pb_image][et_pb_text _builder_version=\u00bb4.9.10&#8243; _module_preset=\u00bbdefault\u00bb text_font=\u00bb||on||||||\u00bb text_font_size=\u00bb24px\u00bb text_line_height=\u00bb1.6em\u00bb background_color=\u00bb#0C71C3&#8243; background_layout=\u00bbdark\u00bb custom_margin=\u00bb||-170px|||\u00bb custom_padding=\u00bb80px|30px|40px|30px|false|true\u00bb text_font_size_tablet=\u00bb20px\u00bb text_font_size_phone=\u00bb16px\u00bb text_font_size_last_edited=\u00bbon|tablet\u00bb locked=\u00bboff\u00bb]<\/p>\n<p>\u00abEl talento no es nada sin la oportunidad. La educaci\u00f3n es la base del progreso y la felicidad de\u00a0las\u00a0naciones.\u00bb<\/p>\n<p>[\/et_pb_text][\/et_pb_column][\/et_pb_row][\/et_pb_section][et_pb_section fb_built=\u00bb1&#8243; disabled_on=\u00bbon|on|on\u00bb admin_label=\u00bbPricing\u00bb _builder_version=\u00bb4.6.6&#8243; _module_preset=\u00bbdefault\u00bb custom_padding=\u00bb54px||||false|false\u00bb disabled=\u00bbon\u00bb][et_pb_row _builder_version=\u00bb4.6.5&#8243; _module_preset=\u00bbdefault\u00bb][et_pb_column type=\u00bb4_4&#8243; _builder_version=\u00bb4.6.5&#8243; _module_preset=\u00bbdefault\u00bb][et_pb_text _builder_version=\u00bb4.6.5&#8243; _module_preset=\u00bbdefault\u00bb header_2_font=\u00bbBebas Neue||||||||\u00bb header_2_font_size=\u00bb80px\u00bb custom_margin=\u00bb||10px||false|false\u00bb header_2_font_size_tablet=\u00bb42px\u00bb header_2_font_size_phone=\u00bb30px\u00bb header_2_font_size_last_edited=\u00bbon|phone\u00bb header_2_line_height_tablet=\u00bb1.2em\u00bb header_2_line_height_phone=\u00bb\u00bb header_2_line_height_last_edited=\u00bbon|tablet\u00bb locked=\u00bboff\u00bb]<\/p>\n<h2>maintenance<\/h2>\n<p>[\/et_pb_text][\/et_pb_column][\/et_pb_row][et_pb_row column_structure=\u00bb1_3,1_3,1_3&#8243; use_custom_gutter=\u00bbon\u00bb gutter_width=\u00bb2&#8243; _builder_version=\u00bb4.6.6&#8243; _module_preset=\u00bbdefault\u00bb][et_pb_column type=\u00bb1_3&#8243; _builder_version=\u00bb4.6.6&#8243; _module_preset=\u00bbdefault\u00bb background_color=\u00bbrgba(234,57,0,0.6)\u00bb custom_padding=\u00bb48px|20px|48px|20px|true|true\u00bb][et_pb_text _builder_version=\u00bb4.6.6&#8243; _module_preset=\u00bbdefault\u00bb text_font=\u00bbBebas Neue||||||||\u00bb text_font_size=\u00bb60px\u00bb text_line_height=\u00bb1em\u00bb background_layout=\u00bbdark\u00bb text_font_size_tablet=\u00bb\u00bb text_font_size_phone=\u00bb48px\u00bb text_font_size_last_edited=\u00bbon|phone\u00bb]$46[\/et_pb_text][et_pb_text _builder_version=\u00bb4.6.6&#8243; _module_preset=\u00bbdefault\u00bb header_3_font=\u00bbBebas Neue||||||||\u00bb header_3_text_color=\u00bb#ffffff\u00bb header_3_letter_spacing=\u00bb2px\u00bb]<\/p>\n<h3>Tire Repair<\/h3>\n<p>[\/et_pb_text][et_pb_button button_text=\u00bbView Details\u00bb _builder_version=\u00bb4.6.6&#8243; _module_preset=\u00bbdefault\u00bb custom_button=\u00bbon\u00bb button_text_size=\u00bb14px\u00bb button_text_color=\u00bb#ffffff\u00bb button_bg_color=\u00bb#000000&#8243; button_border_width=\u00bb0px\u00bb button_border_radius=\u00bb0px\u00bb button_letter_spacing=\u00bb4px\u00bb button_font=\u00bbBebas Neue||||||||\u00bb button_icon=\u00bb%%3%%\u00bb custom_padding=\u00bb15px|40px|15px|40px|true|true\u00bb locked=\u00bboff\u00bb][\/et_pb_button][\/et_pb_column][et_pb_column type=\u00bb1_3&#8243; _builder_version=\u00bb4.6.6&#8243; _module_preset=\u00bbdefault\u00bb background_color=\u00bbrgba(234,57,0,0.8)\u00bb custom_padding=\u00bb48px|20px|48px|20px|true|true\u00bb][et_pb_text _builder_version=\u00bb4.6.6&#8243; _module_preset=\u00bbdefault\u00bb text_font=\u00bbBebas Neue||||||||\u00bb text_font_size=\u00bb60px\u00bb text_line_height=\u00bb1em\u00bb background_layout=\u00bbdark\u00bb text_font_size_tablet=\u00bb\u00bb text_font_size_phone=\u00bb48px\u00bb text_font_size_last_edited=\u00bbon|phone\u00bb]<\/p>\n<p>$120<\/p>\n<p>[\/et_pb_text][et_pb_text _builder_version=\u00bb4.6.6&#8243; _module_preset=\u00bbdefault\u00bb header_3_font=\u00bbBebas Neue||||||||\u00bb header_3_text_color=\u00bb#ffffff\u00bb header_3_letter_spacing=\u00bb2px\u00bb]<\/p>\n<h3>Chain Replacement<\/h3>\n<p>[\/et_pb_text][et_pb_button button_text=\u00bbView Details\u00bb _builder_version=\u00bb4.6.6&#8243; _module_preset=\u00bbdefault\u00bb custom_button=\u00bbon\u00bb button_text_size=\u00bb14px\u00bb button_text_color=\u00bb#ffffff\u00bb button_bg_color=\u00bb#000000&#8243; button_border_width=\u00bb0px\u00bb button_border_radius=\u00bb0px\u00bb button_letter_spacing=\u00bb4px\u00bb button_font=\u00bbBebas Neue||||||||\u00bb button_icon=\u00bb%%3%%\u00bb custom_padding=\u00bb15px|40px|15px|40px|true|true\u00bb locked=\u00bboff\u00bb][\/et_pb_button][\/et_pb_column][et_pb_column type=\u00bb1_3&#8243; _builder_version=\u00bb4.6.6&#8243; _module_preset=\u00bbdefault\u00bb background_color=\u00bb#ea3900&#8243; custom_padding=\u00bb48px|20px|48px|20px|true|true\u00bb][et_pb_text _builder_version=\u00bb4.6.6&#8243; _module_preset=\u00bbdefault\u00bb text_font=\u00bbBebas Neue||||||||\u00bb text_font_size=\u00bb60px\u00bb text_line_height=\u00bb1em\u00bb background_layout=\u00bbdark\u00bb text_font_size_tablet=\u00bb\u00bb text_font_size_phone=\u00bb48px\u00bb text_font_size_last_edited=\u00bbon|phone\u00bb]<\/p>\n<p>$120<\/p>\n<p>[\/et_pb_text][et_pb_text _builder_version=\u00bb4.6.6&#8243; _module_preset=\u00bbdefault\u00bb header_3_font=\u00bbBebas Neue||||||||\u00bb header_3_text_color=\u00bb#ffffff\u00bb header_3_letter_spacing=\u00bb2px\u00bb]<\/p>\n<h3>Daily Bike Rental<\/h3>\n<p>[\/et_pb_text][et_pb_button button_text=\u00bbView Details\u00bb _builder_version=\u00bb4.6.6&#8243; _module_preset=\u00bbdefault\u00bb custom_button=\u00bbon\u00bb button_text_size=\u00bb14px\u00bb button_text_color=\u00bb#ffffff\u00bb button_bg_color=\u00bb#000000&#8243; button_border_width=\u00bb0px\u00bb button_border_radius=\u00bb0px\u00bb button_letter_spacing=\u00bb4px\u00bb button_font=\u00bbBebas Neue||||||||\u00bb button_icon=\u00bb%%3%%\u00bb custom_padding=\u00bb15px|40px|15px|40px|true|true\u00bb locked=\u00bboff\u00bb][\/et_pb_button][\/et_pb_column][\/et_pb_row][et_pb_row column_structure=\u00bb1_2,1_4,1_4&#8243; _builder_version=\u00bb4.6.6&#8243; _module_preset=\u00bbdefault\u00bb locked=\u00bboff\u00bb][et_pb_column type=\u00bb1_2&#8243; _builder_version=\u00bb4.6.5&#8243; _module_preset=\u00bbdefault\u00bb][et_pb_text _builder_version=\u00bb4.6.5&#8243; _module_preset=\u00bbdefault\u00bb text_font_size=\u00bb16px\u00bb text_line_height=\u00bb1.8em\u00bb text_font_size_tablet=\u00bb\u00bb text_font_size_phone=\u00bb14px\u00bb text_font_size_last_edited=\u00bbon|phone\u00bb]<\/p>\n<p>Praesent sapien massa, convallis a pellentesque nec, egestas non nisi. Cras ultricies ligula sed magna dictum porta. Quisque velit nisi, pretium ut lacinia in, elementum id enim. Sed porttitor lectus nibh. Praesent sapien massa, convallis a pellentesque nec, egestas non nisi. Cras ultricies ligula sed magna dictum porta. Nulla quis lorem ut libero malesuada feugiat. Curabitur non nulla sit amet nisl tempus convallis quis ac lectus.<\/p>\n<p>Lorem ipsum dolor sit amet, consectetur adipiscing elit. Nulla quis lorem ut libero malesuada feugiat. Vestibulum ante ipsum primis in faucibus orci luctus et ultrices posuere cubilia.<\/p>\n<p>[\/et_pb_text][\/et_pb_column][et_pb_column type=\u00bb1_4&#8243; _builder_version=\u00bb4.6.5&#8243; _module_preset=\u00bbdefault\u00bb][et_pb_blurb title=\u00bbVestibulum ante\u00bb use_icon=\u00bbon\u00bb font_icon=\u00bb%%45%%\u00bb icon_color=\u00bb#2a2a2a\u00bb icon_placement=\u00bbleft\u00bb use_icon_font_size=\u00bbon\u00bb icon_font_size=\u00bb24px\u00bb _builder_version=\u00bb4.6.5&#8243; _module_preset=\u00bbdefault\u00bb header_font_size=\u00bb16px\u00bb header_line_height=\u00bb1.2em\u00bb custom_margin=\u00bb||10px||false|false\u00bb animation=\u00bboff\u00bb header_font_size_tablet=\u00bb16px\u00bb header_font_size_phone=\u00bb14px\u00bb header_font_size_last_edited=\u00bbon|desktop\u00bb][\/et_pb_blurb][et_pb_blurb title=\u00bbPrimis in faucibus\u00bb use_icon=\u00bbon\u00bb font_icon=\u00bb%%45%%\u00bb icon_color=\u00bb#2a2a2a\u00bb icon_placement=\u00bbleft\u00bb use_icon_font_size=\u00bbon\u00bb icon_font_size=\u00bb24px\u00bb _builder_version=\u00bb4.6.5&#8243; _module_preset=\u00bbdefault\u00bb header_font_size=\u00bb16px\u00bb header_line_height=\u00bb1.2em\u00bb custom_margin=\u00bb||10px||false|false\u00bb animation=\u00bboff\u00bb header_font_size_tablet=\u00bb16px\u00bb header_font_size_phone=\u00bb14px\u00bb header_font_size_last_edited=\u00bbon|desktop\u00bb][\/et_pb_blurb][et_pb_blurb title=\u00bbSit amet aliquam vel\u00bb use_icon=\u00bbon\u00bb font_icon=\u00bb%%45%%\u00bb icon_color=\u00bb#2a2a2a\u00bb icon_placement=\u00bbleft\u00bb use_icon_font_size=\u00bbon\u00bb icon_font_size=\u00bb24px\u00bb _builder_version=\u00bb4.6.5&#8243; _module_preset=\u00bbdefault\u00bb header_font_size=\u00bb16px\u00bb header_line_height=\u00bb1.2em\u00bb custom_margin=\u00bb||10px||false|false\u00bb animation=\u00bboff\u00bb header_font_size_tablet=\u00bb16px\u00bb header_font_size_phone=\u00bb14px\u00bb header_font_size_last_edited=\u00bbon|desktop\u00bb][\/et_pb_blurb][et_pb_blurb title=\u00bbLuctus et ultrices\u00bb use_icon=\u00bbon\u00bb font_icon=\u00bb%%45%%\u00bb icon_color=\u00bb#2a2a2a\u00bb icon_placement=\u00bbleft\u00bb use_icon_font_size=\u00bbon\u00bb icon_font_size=\u00bb24px\u00bb _builder_version=\u00bb4.6.5&#8243; _module_preset=\u00bbdefault\u00bb header_font_size=\u00bb16px\u00bb header_line_height=\u00bb1.2em\u00bb custom_margin=\u00bb||10px||false|false\u00bb animation=\u00bboff\u00bb header_font_size_tablet=\u00bb16px\u00bb header_font_size_phone=\u00bb14px\u00bb header_font_size_last_edited=\u00bbon|desktop\u00bb][\/et_pb_blurb][et_pb_blurb title=\u00bbVestibulum ante\u00bb use_icon=\u00bbon\u00bb font_icon=\u00bb%%45%%\u00bb icon_color=\u00bb#2a2a2a\u00bb icon_placement=\u00bbleft\u00bb use_icon_font_size=\u00bbon\u00bb icon_font_size=\u00bb24px\u00bb _builder_version=\u00bb4.6.5&#8243; _module_preset=\u00bbdefault\u00bb header_font_size=\u00bb16px\u00bb header_line_height=\u00bb1.2em\u00bb custom_margin=\u00bb||10px||false|false\u00bb animation=\u00bboff\u00bb header_font_size_tablet=\u00bb16px\u00bb header_font_size_phone=\u00bb14px\u00bb header_font_size_last_edited=\u00bbon|desktop\u00bb][\/et_pb_blurb][et_pb_blurb title=\u00bbUllamcorper sit amet\u00bb use_icon=\u00bbon\u00bb font_icon=\u00bb%%45%%\u00bb icon_color=\u00bb#2a2a2a\u00bb icon_placement=\u00bbleft\u00bb use_icon_font_size=\u00bbon\u00bb icon_font_size=\u00bb24px\u00bb _builder_version=\u00bb4.6.5&#8243; _module_preset=\u00bbdefault\u00bb header_font_size=\u00bb16px\u00bb header_line_height=\u00bb1.2em\u00bb custom_margin=\u00bb||10px||false|false\u00bb animation=\u00bboff\u00bb header_font_size_tablet=\u00bb16px\u00bb header_font_size_phone=\u00bb14px\u00bb header_font_size_last_edited=\u00bbon|desktop\u00bb][\/et_pb_blurb][et_pb_blurb title=\u00bbPraesent sapien\u00bb use_icon=\u00bbon\u00bb font_icon=\u00bb%%45%%\u00bb icon_color=\u00bb#2a2a2a\u00bb icon_placement=\u00bbleft\u00bb use_icon_font_size=\u00bbon\u00bb icon_font_size=\u00bb24px\u00bb _builder_version=\u00bb4.6.5&#8243; _module_preset=\u00bbdefault\u00bb header_font_size=\u00bb16px\u00bb header_line_height=\u00bb1.2em\u00bb custom_margin=\u00bb||10px||false|false\u00bb animation=\u00bboff\u00bb header_font_size_tablet=\u00bb16px\u00bb header_font_size_phone=\u00bb14px\u00bb header_font_size_last_edited=\u00bbon|desktop\u00bb][\/et_pb_blurb][\/et_pb_column][et_pb_column type=\u00bb1_4&#8243; _builder_version=\u00bb4.6.5&#8243; _module_preset=\u00bbdefault\u00bb][et_pb_blurb title=\u00bbPraesent sapien\u00bb use_icon=\u00bbon\u00bb font_icon=\u00bb%%45%%\u00bb icon_color=\u00bb#2a2a2a\u00bb icon_placement=\u00bbleft\u00bb use_icon_font_size=\u00bbon\u00bb icon_font_size=\u00bb24px\u00bb _builder_version=\u00bb4.6.5&#8243; _module_preset=\u00bbdefault\u00bb header_font_size=\u00bb16px\u00bb header_line_height=\u00bb1.2em\u00bb custom_margin=\u00bb||10px||false|false\u00bb animation=\u00bboff\u00bb header_font_size_tablet=\u00bb16px\u00bb header_font_size_phone=\u00bb14px\u00bb header_font_size_last_edited=\u00bbon|desktop\u00bb locked=\u00bboff\u00bb][\/et_pb_blurb][et_pb_blurb title=\u00bbNulla porttitor\u00bb use_icon=\u00bbon\u00bb font_icon=\u00bb%%45%%\u00bb icon_color=\u00bb#2a2a2a\u00bb icon_placement=\u00bbleft\u00bb use_icon_font_size=\u00bbon\u00bb icon_font_size=\u00bb24px\u00bb _builder_version=\u00bb4.6.5&#8243; _module_preset=\u00bbdefault\u00bb header_font_size=\u00bb16px\u00bb header_line_height=\u00bb1.2em\u00bb custom_margin=\u00bb||10px||false|false\u00bb animation=\u00bboff\u00bb header_font_size_tablet=\u00bb16px\u00bb header_font_size_phone=\u00bb14px\u00bb header_font_size_last_edited=\u00bbon|desktop\u00bb locked=\u00bboff\u00bb][\/et_pb_blurb][et_pb_blurb title=\u00bbQuisque velit nisi\u00bb use_icon=\u00bbon\u00bb font_icon=\u00bb%%45%%\u00bb icon_color=\u00bb#2a2a2a\u00bb icon_placement=\u00bbleft\u00bb use_icon_font_size=\u00bbon\u00bb icon_font_size=\u00bb24px\u00bb _builder_version=\u00bb4.6.5&#8243; _module_preset=\u00bbdefault\u00bb header_font_size=\u00bb16px\u00bb header_line_height=\u00bb1.2em\u00bb custom_margin=\u00bb||10px||false|false\u00bb animation=\u00bboff\u00bb header_font_size_tablet=\u00bb16px\u00bb header_font_size_phone=\u00bb14px\u00bb header_font_size_last_edited=\u00bbon|desktop\u00bb locked=\u00bboff\u00bb][\/et_pb_blurb][et_pb_blurb title=\u00bbVivamus suscipit\u00bb use_icon=\u00bbon\u00bb font_icon=\u00bb%%45%%\u00bb icon_color=\u00bb#2a2a2a\u00bb icon_placement=\u00bbleft\u00bb use_icon_font_size=\u00bbon\u00bb icon_font_size=\u00bb24px\u00bb _builder_version=\u00bb4.6.5&#8243; _module_preset=\u00bbdefault\u00bb header_font_size=\u00bb16px\u00bb header_line_height=\u00bb1.2em\u00bb custom_margin=\u00bb||10px||false|false\u00bb animation=\u00bboff\u00bb header_font_size_tablet=\u00bb16px\u00bb header_font_size_phone=\u00bb14px\u00bb header_font_size_last_edited=\u00bbon|desktop\u00bb locked=\u00bboff\u00bb][\/et_pb_blurb][et_pb_blurb title=\u00bbCras ultricies ligula\u00bb use_icon=\u00bbon\u00bb font_icon=\u00bb%%45%%\u00bb icon_color=\u00bb#2a2a2a\u00bb icon_placement=\u00bbleft\u00bb use_icon_font_size=\u00bbon\u00bb icon_font_size=\u00bb24px\u00bb _builder_version=\u00bb4.6.5&#8243; _module_preset=\u00bbdefault\u00bb header_font_size=\u00bb16px\u00bb header_line_height=\u00bb1.2em\u00bb custom_margin=\u00bb||10px||false|false\u00bb animation=\u00bboff\u00bb header_font_size_tablet=\u00bb16px\u00bb header_font_size_phone=\u00bb14px\u00bb header_font_size_last_edited=\u00bbon|desktop\u00bb locked=\u00bboff\u00bb][\/et_pb_blurb][\/et_pb_column][\/et_pb_row][\/et_pb_section][et_pb_section fb_built=\u00bb1&#8243; admin_label=\u00bbFooter\u00bb _builder_version=\u00bb4.9.10&#8243; _module_preset=\u00bbdefault\u00bb background_color=\u00bb#0C71C3&#8243; locked=\u00bboff\u00bb][et_pb_row _builder_version=\u00bb4.9.10&#8243; _module_preset=\u00bbdefault\u00bb][et_pb_column type=\u00bb4_4&#8243; _builder_version=\u00bb4.9.10&#8243; _module_preset=\u00bbdefault\u00bb][et_pb_text _builder_version=\u00bb4.9.10&#8243; _module_preset=\u00bbdefault\u00bb text_font_size=\u00bb16px\u00bb text_line_height=\u00bb1.8em\u00bb custom_padding=\u00bb||14px|||\u00bb text_font_size_tablet=\u00bb\u00bb text_font_size_phone=\u00bb14px\u00bb text_font_size_last_edited=\u00bbon|phone\u00bb locked=\u00bboff\u00bb inline_fonts=\u00bbVarela\u00bb]<\/p>\n<p style=\"text-align: center;\"><span style=\"font-size: large;\"><em><span style=\"color: #ffffff; font-family: Varela; font-weight: normal;\">\u201cEDUCAMOS PARA LA VIDA, LA CIENCIA Y EL TRABAJO\u201d<\/span><\/em><\/span><\/p>\n<p>[\/et_pb_text][\/et_pb_column][\/et_pb_row][\/et_pb_section]<\/p>\n","protected":false},"excerpt":{"rendered":"<p>INSTITUCIONAL VISI\u00d3N En el an\u0303o 2026 ser li\u0301deres a nivel nacional por nuestra labor en formar personas capaces de transformar la sociedad en armoni\u0301a con la vida, la paz y su entorno. &nbsp; &nbsp; MISI\u00d3N Formar personas creativas, emprendedoras, defensoras de la vida, la libertad, la cultura y el ambiente con una oferta educativa pertinente [&hellip;]<\/p>\n","protected":false},"author":1,"featured_media":0,"parent":0,"menu_order":0,"comment_status":"closed","ping_status":"closed","template":"","meta":{"_et_pb_use_builder":"on","_et_pb_old_content":"","_et_gb_content_width":"","footnotes":""},"class_list":["post-1871","page","type-page","status-publish","hentry"],"_links":{"self":[{"href":"https:\/\/caldasarauca.edu.co\/index.php\/wp-json\/wp\/v2\/pages\/1871","targetHints":{"allow":["GET"]}}],"collection":[{"href":"https:\/\/caldasarauca.edu.co\/index.php\/wp-json\/wp\/v2\/pages"}],"about":[{"href":"https:\/\/caldasarauca.edu.co\/index.php\/wp-json\/wp\/v2\/types\/page"}],"author":[{"embeddable":true,"href":"https:\/\/caldasarauca.edu.co\/index.php\/wp-json\/wp\/v2\/users\/1"}],"replies":[{"embeddable":true,"href":"https:\/\/caldasarauca.edu.co\/index.php\/wp-json\/wp\/v2\/comments?post=1871"}],"version-history":[{"count":32,"href":"https:\/\/caldasarauca.edu.co\/index.php\/wp-json\/wp\/v2\/pages\/1871\/revisions"}],"predecessor-version":[{"id":2002,"href":"https:\/\/caldasarauca.edu.co\/index.php\/wp-json\/wp\/v2\/pages\/1871\/revisions\/2002"}],"wp:attachment":[{"href":"https:\/\/caldasarauca.edu.co\/index.php\/wp-json\/wp\/v2\/media?parent=1871"}],"curies":[{"name":"wp","href":"https:\/\/api.w.org\/{rel}","templated":true}]}}